{"version":"1.0","provider_name":"Indeed Hiring Lab France","provider_url":"https:\/\/www.hiringlab.org\/fr","author_name":"Alexandre Judes","author_url":"https:\/\/www.hiringlab.org\/fr\/blog\/author\/ajudes\/","title":"Taux d\u2019activit\u00e9, taux de ch\u00f4mage : une ann\u00e9e 2020 d\u00e9terminante sur le march\u00e9 du travail - Indeed Hiring Lab France","type":"rich","width":600,"height":338,"html":"<blockquote class=\"wp-embedded-content\" data-secret=\"QzlHIqJRhe\"><a href=\"https:\/\/www.hiringlab.org\/fr\/blog\/2019\/12\/06\/taux-dactivite-taux-de-chomage\/\">Taux d\u2019activit\u00e9, taux de ch\u00f4mage :  une ann\u00e9e 2020 d\u00e9terminante sur le march\u00e9 du travail<\/a><\/blockquote><iframe sandbox=\"allow-scripts\" security=\"restricted\" src=\"https:\/\/www.hiringlab.org\/fr\/blog\/2019\/12\/06\/taux-dactivite-taux-de-chomage\/embed\/#?secret=QzlHIqJRhe\" width=\"600\" height=\"338\" title=\"\u00ab\u00a0Taux d\u2019activit\u00e9, taux de ch\u00f4mage :  une ann\u00e9e 2020 d\u00e9terminante sur le march\u00e9 du travail\u00a0\u00bb &#8212; Indeed Hiring Lab France\" data-secret=\"QzlHIqJRhe\" frameborder=\"0\" marginwidth=\"0\" marginheight=\"0\" scrolling=\"no\" class=\"wp-embedded-content\"><\/iframe><script type=\"text\/javascript\">\n\/* <![CDATA[ *\/\n\/*! This file is auto-generated *\/\n!function(d,l){\"use strict\";l.querySelector&&d.addEventListener&&\"undefined\"!=typeof URL&&(d.wp=d.wp||{},d.wp.receiveEmbedMessage||(d.wp.receiveEmbedMessage=function(e){var t=e.data;if((t||t.secret||t.message||t.value)&&!\/[^a-zA-Z0-9]\/.test(t.secret)){for(var s,r,n,a=l.querySelectorAll('iframe[data-secret=\"'+t.secret+'\"]'),o=l.querySelectorAll('blockquote[data-secret=\"'+t.secret+'\"]'),c=new RegExp(\"^https?:$\",\"i\"),i=0;i<o.length;i++)o[i].style.display=\"none\";for(i=0;i<a.length;i++)s=a[i],e.source===s.contentWindow&&(s.removeAttribute(\"style\"),\"height\"===t.message?(1e3<(r=parseInt(t.value,10))?r=1e3:~~r<200&&(r=200),s.height=r):\"link\"===t.message&&(r=new URL(s.getAttribute(\"src\")),n=new URL(t.value),c.test(n.protocol))&&n.host===r.host&&l.activeElement===s&&(d.top.location.href=t.value))}},d.addEventListener(\"message\",d.wp.receiveEmbedMessage,!1),l.addEventListener(\"DOMContentLoaded\",function(){for(var e,t,s=l.querySelectorAll(\"iframe.wp-embedded-content\"),r=0;r<s.length;r++)(t=(e=s[r]).getAttribute(\"data-secret\"))||(t=Math.random().toString(36).substring(2,12),e.src+=\"#?secret=\"+t,e.setAttribute(\"data-secret\",t)),e.contentWindow.postMessage({message:\"ready\",secret:t},\"*\")},!1)))}(window,document);\n\/\/# sourceURL=https:\/\/www.hiringlab.org\/fr\/wp-includes\/js\/wp-embed.min.js\n\/* ]]> *\/\n<\/script>\n","thumbnail_url":"https:\/\/www.hiringlab.org\/fr\/wp-content\/uploads\/sites\/4\/2019\/12\/Paris_122085496-2_optimized.jpg","thumbnail_width":1700,"thumbnail_height":1133,"description":"L\u2019ann\u00e9e 2019 se cl\u00f4t sur un bilan mitig\u00e9 sur le march\u00e9 du travail, alors que 2020 devrait \u00eatre cruciale pour la promesse du chef de l\u2019Etat de ramener le ch\u00f4mage \u00e0 7 % en 2022. Sur un an, le ch\u00f4mage baisse de 0,5 point, passant de 9,1 % de la population active \u00e0 8,6 % [&hellip;]"}