{"version":"1.0","provider_name":"Indeed Hiring Lab France","provider_url":"https:\/\/www.hiringlab.org\/fr","author_name":"Alexandre Judes","author_url":"https:\/\/www.hiringlab.org\/fr\/blog\/author\/ajudes\/","title":"Les entreprises pr\u00e9f\u00e8rent offrir de la flexibilit\u00e9 plut\u00f4t que des primes ou de l\u2019int\u00e9ressement - Indeed Hiring Lab France","type":"rich","width":600,"height":338,"html":"<blockquote class=\"wp-embedded-content\" data-secret=\"3cw1DzMLc9\"><a href=\"https:\/\/www.hiringlab.org\/fr\/blog\/2019\/05\/22\/les-entreprises-preferent-offrir-de-la-flexibilite\/\">Les entreprises pr\u00e9f\u00e8rent offrir de la flexibilit\u00e9 plut\u00f4t que  des primes ou de l\u2019int\u00e9ressement<\/a><\/blockquote><iframe sandbox=\"allow-scripts\" security=\"restricted\" src=\"https:\/\/www.hiringlab.org\/fr\/blog\/2019\/05\/22\/les-entreprises-preferent-offrir-de-la-flexibilite\/embed\/#?secret=3cw1DzMLc9\" width=\"600\" height=\"338\" title=\"\u00ab\u00a0Les entreprises pr\u00e9f\u00e8rent offrir de la flexibilit\u00e9 plut\u00f4t que  des primes ou de l\u2019int\u00e9ressement\u00a0\u00bb &#8212; Indeed Hiring Lab France\" data-secret=\"3cw1DzMLc9\" frameborder=\"0\" marginwidth=\"0\" marginheight=\"0\" scrolling=\"no\" class=\"wp-embedded-content\"><\/iframe><script type=\"text\/javascript\">\n\/* <![CDATA[ *\/\n\/*! This file is auto-generated *\/\n!function(d,l){\"use strict\";l.querySelector&&d.addEventListener&&\"undefined\"!=typeof URL&&(d.wp=d.wp||{},d.wp.receiveEmbedMessage||(d.wp.receiveEmbedMessage=function(e){var t=e.data;if((t||t.secret||t.message||t.value)&&!\/[^a-zA-Z0-9]\/.test(t.secret)){for(var s,r,n,a=l.querySelectorAll('iframe[data-secret=\"'+t.secret+'\"]'),o=l.querySelectorAll('blockquote[data-secret=\"'+t.secret+'\"]'),c=new RegExp(\"^https?:$\",\"i\"),i=0;i<o.length;i++)o[i].style.display=\"none\";for(i=0;i<a.length;i++)s=a[i],e.source===s.contentWindow&&(s.removeAttribute(\"style\"),\"height\"===t.message?(1e3<(r=parseInt(t.value,10))?r=1e3:~~r<200&&(r=200),s.height=r):\"link\"===t.message&&(r=new URL(s.getAttribute(\"src\")),n=new URL(t.value),c.test(n.protocol))&&n.host===r.host&&l.activeElement===s&&(d.top.location.href=t.value))}},d.addEventListener(\"message\",d.wp.receiveEmbedMessage,!1),l.addEventListener(\"DOMContentLoaded\",function(){for(var e,t,s=l.querySelectorAll(\"iframe.wp-embedded-content\"),r=0;r<s.length;r++)(t=(e=s[r]).getAttribute(\"data-secret\"))||(t=Math.random().toString(36).substring(2,12),e.src+=\"#?secret=\"+t,e.setAttribute(\"data-secret\",t)),e.contentWindow.postMessage({message:\"ready\",secret:t},\"*\")},!1)))}(window,document);\n\/\/# sourceURL=https:\/\/www.hiringlab.org\/fr\/wp-includes\/js\/wp-embed.min.js\n\/* ]]> *\/\n<\/script>\n","thumbnail_url":"https:\/\/www.hiringlab.org\/fr\/wp-content\/uploads\/sites\/4\/2019\/05\/FRflexiblejobs1.png","thumbnail_width":939,"thumbnail_height":525,"description":"Alors que le taux de croissance continue \u00e0 baisser en France, des tensions sont d\u2019ores et d\u00e9j\u00e0 palpables sur certains segments du march\u00e9 du travail. Ainsi le taux de ch\u00f4mage des cadres serait-il descendu en dessous des 4 %, que l\u2019on peut assimiler \u00e0 un taux de ch\u00f4mage frictionnel. Face \u00e0 cette situation, de plus [&hellip;]"}