{"version":"1.0","provider_name":"Indeed Hiring Lab French Canada","provider_url":"https:\/\/www.hiringlab.org\/fr-ca","author_name":"Brendon Bernard","author_url":"https:\/\/www.hiringlab.org\/fr-ca\/blog\/author\/bbernard\/","title":"Quelle sera l\u2019influence du march\u00e9 de l\u2019emploi sur les \u00e9lections de 2019? - Indeed Hiring Lab French Canada","type":"rich","width":600,"height":338,"html":"<blockquote class=\"wp-embedded-content\" data-secret=\"UrfP8cm0ks\"><a href=\"https:\/\/www.hiringlab.org\/fr-ca\/blog\/2019\/10\/17\/marche-de-lemploi-sur-les-elections\/\">Quelle sera l\u2019influence du march\u00e9 de l\u2019emploi sur les \u00e9lections de 2019?<\/a><\/blockquote><iframe sandbox=\"allow-scripts\" security=\"restricted\" src=\"https:\/\/www.hiringlab.org\/fr-ca\/blog\/2019\/10\/17\/marche-de-lemploi-sur-les-elections\/embed\/#?secret=UrfP8cm0ks\" width=\"600\" height=\"338\" title=\"&laquo; Quelle sera l\u2019influence du march\u00e9 de l\u2019emploi sur les \u00e9lections de 2019? &raquo; &#8212; Indeed Hiring Lab French Canada\" data-secret=\"UrfP8cm0ks\" frameborder=\"0\" marginwidth=\"0\" marginheight=\"0\" scrolling=\"no\" class=\"wp-embedded-content\"><\/iframe><script type=\"text\/javascript\">\n\/* <![CDATA[ *\/\n\/*! This file is auto-generated *\/\n!function(d,l){\"use strict\";l.querySelector&&d.addEventListener&&\"undefined\"!=typeof URL&&(d.wp=d.wp||{},d.wp.receiveEmbedMessage||(d.wp.receiveEmbedMessage=function(e){var t=e.data;if((t||t.secret||t.message||t.value)&&!\/[^a-zA-Z0-9]\/.test(t.secret)){for(var s,r,n,a=l.querySelectorAll('iframe[data-secret=\"'+t.secret+'\"]'),o=l.querySelectorAll('blockquote[data-secret=\"'+t.secret+'\"]'),c=new RegExp(\"^https?:$\",\"i\"),i=0;i<o.length;i++)o[i].style.display=\"none\";for(i=0;i<a.length;i++)s=a[i],e.source===s.contentWindow&&(s.removeAttribute(\"style\"),\"height\"===t.message?(1e3<(r=parseInt(t.value,10))?r=1e3:~~r<200&&(r=200),s.height=r):\"link\"===t.message&&(r=new URL(s.getAttribute(\"src\")),n=new URL(t.value),c.test(n.protocol))&&n.host===r.host&&l.activeElement===s&&(d.top.location.href=t.value))}},d.addEventListener(\"message\",d.wp.receiveEmbedMessage,!1),l.addEventListener(\"DOMContentLoaded\",function(){for(var e,t,s=l.querySelectorAll(\"iframe.wp-embedded-content\"),r=0;r<s.length;r++)(t=(e=s[r]).getAttribute(\"data-secret\"))||(t=Math.random().toString(36).substring(2,12),e.src+=\"#?secret=\"+t,e.setAttribute(\"data-secret\",t)),e.contentWindow.postMessage({message:\"ready\",secret:t},\"*\")},!1)))}(window,document);\n\/\/# sourceURL=https:\/\/www.hiringlab.org\/fr-ca\/wp-includes\/js\/wp-embed.min.js\n\/* ]]> *\/\n<\/script>\n","thumbnail_url":"https:\/\/www.hiringlab.org\/fr-ca\/wp-content\/uploads\/sites\/7\/2019\/10\/Toronto-GettyImages-609823696-up-.jpg","thumbnail_width":1031,"thumbnail_height":720,"description":"Points saillants La situation du march\u00e9 de l\u2019emploi s\u2019est am\u00e9lior\u00e9e depuis la fin de 2015, bien qu\u2019on observe des \u00e9carts r\u00e9gionaux quant aux taux de ch\u00f4mage et d\u2019emploi \u00e0 temps plein. Dans les r\u00e9gions o\u00f9 le Nouveau Parti d\u00e9mocratique (NPD) talonnait le Parti lib\u00e9ral du Canada (PLC) en 2015, essentiellement au Qu\u00e9bec et en Colombie-Britannique, [&hellip;]"}